{"id":124,"date":"2024-07-23T10:57:59","date_gmt":"2024-07-23T08:57:59","guid":{"rendered":"https:\/\/masc-34.fr\/?page_id=124"},"modified":"2025-08-26T15:15:10","modified_gmt":"2025-08-26T13:15:10","slug":"projet-de-son-lumiere","status":"publish","type":"page","link":"https:\/\/masc-34.fr\/?page_id=124","title":{"rendered":"Projet de son &amp; lumi\u00e8re"},"content":{"rendered":"<p>[et_pb_section fb_built=\u00a0\u00bb1&Prime; custom_padding_last_edited=\u00a0\u00bbon|tablet\u00a0\u00bb _builder_version=\u00a0\u00bb4.27.4&Prime; _module_preset=\u00a0\u00bbdefault\u00a0\u00bb background_color=\u00a0\u00bb#161515&Prime; background_image=\u00a0\u00bbhttps:\/\/masc-34.fr\/wp-content\/uploads\/2025\/08\/fond-ecran-web-etoiles.png\u00a0\u00bb background_position=\u00a0\u00bbtop_right\u00a0\u00bb custom_margin=\u00a0\u00bb0px||0px||false|false\u00a0\u00bb custom_padding=\u00a0\u00bb||140px||false|false\u00a0\u00bb custom_padding_tablet=\u00a0\u00bb120px||120px||false|false\u00a0\u00bb custom_padding_phone=\u00a0\u00bb90px||90px||false|false\u00a0\u00bb hover_enabled=\u00a0\u00bb0&Prime; global_colors_info=\u00a0\u00bb{}\u00a0\u00bb title_text=\u00a0\u00bbfond ecran web &#8211; etoiles\u00a0\u00bb sticky_enabled=\u00a0\u00bb0&Prime;][et_pb_row _builder_version=\u00a0\u00bb4.27.0&Prime; _module_preset=\u00a0\u00bbdefault\u00a0\u00bb custom_margin=\u00a0\u00bb||||false|false\u00a0\u00bb custom_padding=\u00a0\u00bb95px||||false|false\u00a0\u00bb global_colors_info=\u00a0\u00bb{}\u00a0\u00bb][et_pb_column type=\u00a0\u00bb4_4&Prime; _builder_version=\u00a0\u00bb4.27.0&Prime; _module_preset=\u00a0\u00bbdefault\u00a0\u00bb global_colors_info=\u00a0\u00bb{}\u00a0\u00bb][et_pb_text _builder_version=\u00a0\u00bb4.27.0&Prime; _module_preset=\u00a0\u00bbdefault\u00a0\u00bb text_font=\u00a0\u00bb|||on|||||\u00a0\u00bb header_4_font=\u00a0\u00bbJost|||on|||||\u00a0\u00bb header_4_text_align=\u00a0\u00bbcenter\u00a0\u00bb header_4_text_color=\u00a0\u00bb#fcfcfc\u00a0\u00bb header_4_font_size=\u00a0\u00bb14px\u00a0\u00bb header_4_letter_spacing=\u00a0\u00bb1.8px\u00a0\u00bb header_4_line_height=\u00a0\u00bb1.2em\u00a0\u00bb custom_margin=\u00a0\u00bb0px||9px||false|false\u00a0\u00bb custom_padding=\u00a0\u00bb0px||0px||false|false\u00a0\u00bb global_colors_info=\u00a0\u00bb{}\u00a0\u00bb]<\/p>\n<h4>Projet Spectacle et M\u00e9moire<\/h4>\n<p>[\/et_pb_text][et_pb_text _builder_version=\u00a0\u00bb4.27.0&Prime; _module_preset=\u00a0\u00bbdefault\u00a0\u00bb header_2_font=\u00a0\u00bbJost||||||||\u00a0\u00bb header_2_text_align=\u00a0\u00bbcenter\u00a0\u00bb header_2_text_color=\u00a0\u00bb#fcfcfc\u00a0\u00bb header_2_font_size=\u00a0\u00bb55px\u00a0\u00bb header_2_line_height=\u00a0\u00bb1.1em\u00a0\u00bb custom_margin=\u00a0\u00bb0px||0px||false|false\u00a0\u00bb custom_padding=\u00a0\u00bb0px||0px||false|false\u00a0\u00bb header_2_font_size_tablet=\u00a0\u00bb55px\u00a0\u00bb header_2_font_size_phone=\u00a0\u00bb32px\u00a0\u00bb header_2_font_size_last_edited=\u00a0\u00bbon|phone\u00a0\u00bb global_colors_info=\u00a0\u00bb{}\u00a0\u00bb]<\/p>\n<h2>Fiers Mineurs des Monts d&rsquo;Orb<\/h2>\n<p>&nbsp;<\/p>\n<p>[\/et_pb_text][\/et_pb_column][\/et_pb_row][et_pb_row column_structure=\u00a0\u00bb1_4,3_4&Prime; _builder_version=\u00a0\u00bb4.27.0&Prime; _module_preset=\u00a0\u00bbdefault\u00a0\u00bb global_colors_info=\u00a0\u00bb{}\u00a0\u00bb][et_pb_column type=\u00a0\u00bb1_4&Prime; _builder_version=\u00a0\u00bb4.27.0&Prime; _module_preset=\u00a0\u00bbdefault\u00a0\u00bb global_colors_info=\u00a0\u00bb{}\u00a0\u00bb][et_pb_image src=\u00a0\u00bbhttps:\/\/masc-34.fr\/wp-content\/uploads\/2024\/07\/Pre_Affiche_Fiers_Mineurs_des_Monts_d_Orb_A4-scaled.jpg\u00a0\u00bb title_text=\u00a0\u00bbPre_Affiche_Fiers_Mineurs_des_Monts_d_Orb_A4&Prime; _builder_version=\u00a0\u00bb4.27.0&Prime; _module_preset=\u00a0\u00bbdefault\u00a0\u00bb global_colors_info=\u00a0\u00bb{}\u00a0\u00bb][\/et_pb_image][et_pb_image src=\u00a0\u00bbhttps:\/\/masc-34.fr\/wp-content\/uploads\/2024\/07\/image-4.png\u00a0\u00bb title_text=\u00a0\u00bbimage\u00a0\u00bb _builder_version=\u00a0\u00bb4.27.0&Prime; _module_preset=\u00a0\u00bbdefault\u00a0\u00bb global_colors_info=\u00a0\u00bb{}\u00a0\u00bb][\/et_pb_image][et_pb_image src=\u00a0\u00bbhttps:\/\/masc-34.fr\/wp-content\/uploads\/2024\/07\/image-3.png\u00a0\u00bb title_text=\u00a0\u00bbimage\u00a0\u00bb _builder_version=\u00a0\u00bb4.27.0&Prime; _module_preset=\u00a0\u00bbdefault\u00a0\u00bb global_colors_info=\u00a0\u00bb{}\u00a0\u00bb][\/et_pb_image][et_pb_audio audio=\u00a0\u00bbhttps:\/\/masc-34.fr\/wp-content\/uploads\/2024\/07\/BENOIT-ALLEMANE-PARRAIN-MASC-34.mp3&Prime; title=\u00a0\u00bbMessage de notre parrain\u00a0\u00bb artist_name=\u00a0\u00bbBeno\u00eet Allemane\u00a0\u00bb _builder_version=\u00a0\u00bb4.27.0&Prime; _module_preset=\u00a0\u00bbdefault\u00a0\u00bb global_colors_info=\u00a0\u00bb{}\u00a0\u00bb][\/et_pb_audio][\/et_pb_column][et_pb_column type=\u00a0\u00bb3_4&Prime; _builder_version=\u00a0\u00bb4.27.0&Prime; _module_preset=\u00a0\u00bbdefault\u00a0\u00bb global_colors_info=\u00a0\u00bb{}\u00a0\u00bb][et_pb_text _builder_version=\u00a0\u00bb4.27.0&Prime; _module_preset=\u00a0\u00bbdefault\u00a0\u00bb text_text_color=\u00a0\u00bb#FFFFFF\u00a0\u00bb width=\u00a0\u00bb100%\u00a0\u00bb global_colors_info=\u00a0\u00bb{}\u00a0\u00bb]<\/p>\n<p><strong>L&rsquo;association MASC-34 est fi\u00e8re de vous pr\u00e9senter son grand projet de Spectacle et de M\u00e9moire : <\/strong><\/p>\n<p><strong>\u00ab\u00a0Fiers Mineurs des Monts d&rsquo;Orb\u00a0\u00bb.\u00a0<\/strong><\/p>\n<p>Ce spectacle, qui se d\u00e9roulera \u00e0 Graissessac, a pour vocation de rendre un hommage vibrant et respectueux aux mineurs et aux femmes de mineurs qui ont \u0153uvr\u00e9 dans le bassin minier de Graissessac, situ\u00e9 dans les hauts cantons h\u00e9raultais. \u00c0 travers une mise en sc\u00e8ne spectaculaire, nous c\u00e9l\u00e9brerons la m\u00e9moire et le courage de ces travailleurs acharn\u00e9s et de leurs familles, qui ont contribu\u00e9 de mani\u00e8re significative \u00e0 l&rsquo;histoire et au d\u00e9veloppement de la r\u00e9gion.<\/p>\n<p>&nbsp;<\/p>\n<p><strong>Une Mise en Sc\u00e8ne \u00c9poustouflante<\/strong><\/p>\n<p>Le spectacle \u00ab\u00a0Fiers Mineurs des Monts d&rsquo;Orb\u00a0\u00bb combinera des projections lumineuses saisissantes, des effets sonores immersifs et des performances th\u00e9\u00e2trales \u00e9mouvantes pour raconter l&rsquo;histoire des mineurs de Graissessac. Gr\u00e2ce \u00e0 une direction artistique soign\u00e9e, le pass\u00e9 prendra vie sous vos yeux, vous plongeant au c\u0153ur de l&rsquo;univers minier.<\/p>\n<p>&nbsp;<\/p>\n<p><strong>Des Com\u00e9diens de Renom\u00a0<\/strong><\/p>\n<p>Nous avons l&rsquo;honneur d&rsquo;accueillir deux com\u00e9diens de renom pour ce projet exceptionnel :<\/p>\n<p>&#8211; Beno\u00eet Allemane : Chevalier des arts et des lettres et voix fran\u00e7aise de Morgan Freeman, sa participation apportera une profondeur et une gravit\u00e9 uniques aux r\u00e9cits.<\/p>\n<p>&#8211; Patrick Mancini : Com\u00e9dien et doubleur talentueux notamment de Micka\u00ebl C. Hall dans Dexter, il contribuera \u00e0 enrichir l&rsquo;\u00e9motion et l&rsquo;authenticit\u00e9 des personnages incarn\u00e9s.<\/p>\n<p>&nbsp;<\/p>\n<p><strong>Un Appel aux M\u00e9c\u00e8nes\u00a0<\/strong><\/p>\n<p>Pour que ce projet prenne vie, nous avons besoin du soutien de m\u00e9c\u00e8nes passionn\u00e9s par le spectacle vivant et d\u00e9sireux de rendre hommage \u00e0 un pan essentiel de notre patrimoine. En devenant m\u00e9c\u00e8ne, vous participerez non seulement \u00e0 la r\u00e9alisation d&rsquo;un \u00e9v\u00e9nement culturel majeur, mais vous contribuerez \u00e9galement \u00e0 la pr\u00e9servation et \u00e0 la transmission de l&rsquo;histoire locale.<\/p>\n<p>&nbsp;<\/p>\n<p><strong>Pourquoi Soutenir \u00ab\u00a0Fiers Mineurs des Monts d&rsquo;Orb\u00a0\u00bb<\/strong><\/p>\n<p>&#8211; Valoriser le Patrimoine Local : Contribuez \u00e0 mettre en lumi\u00e8re l&rsquo;histoire et le patrimoine des hauts cantons h\u00e9raultais.<\/p>\n<p>&#8211; Soutenir la Culture : Aidez \u00e0 la cr\u00e9ation d&rsquo;un spectacle vivant de qualit\u00e9, accessible \u00e0 un large public.<\/p>\n<p>&#8211; Participer \u00e0 un Projet Unique : Prenez part \u00e0 une aventure artistique ambitieuse et innovante.<\/p>\n<p>&nbsp;<\/p>\n<p><strong>Rejoignez-nous dans cette aventure !\u00a0<\/strong><\/p>\n<p>Ne manquez pas l&rsquo;occasion de d\u00e9couvrir un spectacle inoubliable qui c\u00e9l\u00e8bre la r\u00e9silience et la bravoure des mineurs de Graissessac. Pour plus d&rsquo;informations sur le projet, les dates de repr\u00e9sentation et comment devenir m\u00e9c\u00e8ne, rendez-vous sur notre site web ou contactez-nous directement.<\/p>\n<p>Nous vous attendons nombreux pour c\u00e9l\u00e9brer ensemble l&rsquo;h\u00e9ritage des \u00ab\u00a0Fiers Mineurs des Monts d&rsquo;Orb\u00a0\u00bb.<\/p>\n<p>[\/et_pb_text][\/et_pb_column][\/et_pb_row][\/et_pb_section]<\/p>\n","protected":false},"excerpt":{"rendered":"<p>Projet Spectacle et M\u00e9moireFiers Mineurs des Monts d&rsquo;Orb &nbsp;L&rsquo;association MASC-34 est fi\u00e8re de vous pr\u00e9senter son grand projet de Spectacle et de M\u00e9moire : \u00ab\u00a0Fiers Mineurs des Monts d&rsquo;Orb\u00a0\u00bb.\u00a0 Ce spectacle, qui se d\u00e9roulera \u00e0 Graissessac, a pour vocation de rendre un hommage vibrant et respectueux aux mineurs et aux femmes de mineurs qui ont \u0153uvr\u00e9 dans le bassin minier de Graissessac, situ\u00e9 dans les hauts cantons h\u00e9raultais. \u00c0 travers une mise en sc\u00e8ne spectaculaire, nous c\u00e9l\u00e9brerons la m\u00e9moire et le courage de ces travailleurs acharn\u00e9s et de leurs familles, qui ont contribu\u00e9 de mani\u00e8re significative \u00e0 l&rsquo;histoire et au d\u00e9veloppement de la r\u00e9gion. &nbsp; Une Mise en Sc\u00e8ne \u00c9poustouflante Le spectacle \u00ab\u00a0Fiers Mineurs des Monts d&rsquo;Orb\u00a0\u00bb combinera des projections lumineuses saisissantes, des effets sonores immersifs et des performances th\u00e9\u00e2trales \u00e9mouvantes pour raconter l&rsquo;histoire des mineurs de Graissessac. Gr\u00e2ce \u00e0 une direction artistique soign\u00e9e, le pass\u00e9 prendra vie sous vos yeux, vous plongeant au c\u0153ur de l&rsquo;univers minier. &nbsp; Des Com\u00e9diens de Renom\u00a0 Nous avons l&rsquo;honneur d&rsquo;accueillir deux com\u00e9diens de renom pour ce projet exceptionnel : &#8211; Beno\u00eet Allemane : Chevalier des arts et des lettres et voix fran\u00e7aise de Morgan Freeman, sa participation apportera une profondeur et une gravit\u00e9 [&hellip;]<\/p>\n","protected":false},"author":1,"featured_media":0,"parent":0,"menu_order":0,"comment_status":"closed","ping_status":"closed","template":"","meta":{"_et_pb_use_builder":"on","_et_pb_old_content":"<!-- wp:divi\/placeholder \/-->","_et_gb_content_width":"","footnotes":""},"class_list":["post-124","page","type-page","status-publish","hentry"],"yoast_head":"<!-- This site is optimized with the Yoast SEO plugin v27.4 - https:\/\/yoast.com\/product\/yoast-seo-wordpress\/ -->\n<title>Projet de son &amp; lumi\u00e8re - MASC-34<\/title>\n<meta name=\"robots\" content=\"index, follow, max-snippet:-1, max-image-preview:large, max-video-preview:-1\" \/>\n<link rel=\"canonical\" href=\"https:\/\/masc-34.fr\/?page_id=124\" \/>\n<meta property=\"og:locale\" content=\"fr_FR\" \/>\n<meta property=\"og:type\" content=\"article\" \/>\n<meta property=\"og:title\" content=\"Projet de son &amp; lumi\u00e8re - MASC-34\" \/>\n<meta property=\"og:description\" content=\"Projet Spectacle et M\u00e9moireFiers Mineurs des Monts d&#039;Orb &nbsp;L&#039;association MASC-34 est fi\u00e8re de vous pr\u00e9senter son grand projet de Spectacle et de M\u00e9moire : &quot;Fiers Mineurs des Monts d&#039;Orb&quot;.\u00a0 Ce spectacle, qui se d\u00e9roulera \u00e0 Graissessac, a pour vocation de rendre un hommage vibrant et respectueux aux mineurs et aux femmes de mineurs qui ont \u0153uvr\u00e9 dans le bassin minier de Graissessac, situ\u00e9 dans les hauts cantons h\u00e9raultais. \u00c0 travers une mise en sc\u00e8ne spectaculaire, nous c\u00e9l\u00e9brerons la m\u00e9moire et le courage de ces travailleurs acharn\u00e9s et de leurs familles, qui ont contribu\u00e9 de mani\u00e8re significative \u00e0 l&#039;histoire et au d\u00e9veloppement de la r\u00e9gion. &nbsp; Une Mise en Sc\u00e8ne \u00c9poustouflante Le spectacle &quot;Fiers Mineurs des Monts d&#039;Orb&quot; combinera des projections lumineuses saisissantes, des effets sonores immersifs et des performances th\u00e9\u00e2trales \u00e9mouvantes pour raconter l&#039;histoire des mineurs de Graissessac. Gr\u00e2ce \u00e0 une direction artistique soign\u00e9e, le pass\u00e9 prendra vie sous vos yeux, vous plongeant au c\u0153ur de l&#039;univers minier. &nbsp; Des Com\u00e9diens de Renom\u00a0 Nous avons l&#039;honneur d&#039;accueillir deux com\u00e9diens de renom pour ce projet exceptionnel : - Beno\u00eet Allemane : Chevalier des arts et des lettres et voix fran\u00e7aise de Morgan Freeman, sa participation apportera une profondeur et une gravit\u00e9 [&hellip;]\" \/>\n<meta property=\"og:url\" content=\"https:\/\/masc-34.fr\/?page_id=124\" \/>\n<meta property=\"og:site_name\" content=\"MASC-34\" \/>\n<meta property=\"article:publisher\" content=\"https:\/\/facebook.com\/MASC34\" \/>\n<meta property=\"article:modified_time\" content=\"2025-08-26T13:15:10+00:00\" \/>\n<meta name=\"twitter:card\" content=\"summary_large_image\" \/>\n<script type=\"application\/ld+json\" class=\"yoast-schema-graph\">{\"@context\":\"https:\\\/\\\/schema.org\",\"@graph\":[{\"@type\":\"WebPage\",\"@id\":\"https:\\\/\\\/masc-34.fr\\\/?page_id=124\",\"url\":\"https:\\\/\\\/masc-34.fr\\\/?page_id=124\",\"name\":\"Projet de son &amp; lumi\u00e8re - MASC-34\",\"isPartOf\":{\"@id\":\"https:\\\/\\\/masc-34.fr\\\/#website\"},\"datePublished\":\"2024-07-23T08:57:59+00:00\",\"dateModified\":\"2025-08-26T13:15:10+00:00\",\"breadcrumb\":{\"@id\":\"https:\\\/\\\/masc-34.fr\\\/?page_id=124#breadcrumb\"},\"inLanguage\":\"fr-FR\",\"potentialAction\":[{\"@type\":\"ReadAction\",\"target\":[\"https:\\\/\\\/masc-34.fr\\\/?page_id=124\"]}]},{\"@type\":\"BreadcrumbList\",\"@id\":\"https:\\\/\\\/masc-34.fr\\\/?page_id=124#breadcrumb\",\"itemListElement\":[{\"@type\":\"ListItem\",\"position\":1,\"name\":\"Accueil\",\"item\":\"https:\\\/\\\/masc-34.fr\\\/\"},{\"@type\":\"ListItem\",\"position\":2,\"name\":\"Projet de son &amp; lumi\u00e8re\"}]},{\"@type\":\"WebSite\",\"@id\":\"https:\\\/\\\/masc-34.fr\\\/#website\",\"url\":\"https:\\\/\\\/masc-34.fr\\\/\",\"name\":\"MASC-34\",\"description\":\"Musique Arts Spectacle Culture\",\"publisher\":{\"@id\":\"https:\\\/\\\/masc-34.fr\\\/#organization\"},\"potentialAction\":[{\"@type\":\"SearchAction\",\"target\":{\"@type\":\"EntryPoint\",\"urlTemplate\":\"https:\\\/\\\/masc-34.fr\\\/?s={search_term_string}\"},\"query-input\":{\"@type\":\"PropertyValueSpecification\",\"valueRequired\":true,\"valueName\":\"search_term_string\"}}],\"inLanguage\":\"fr-FR\"},{\"@type\":\"Organization\",\"@id\":\"https:\\\/\\\/masc-34.fr\\\/#organization\",\"name\":\"Association MASC-34\",\"url\":\"https:\\\/\\\/masc-34.fr\\\/\",\"logo\":{\"@type\":\"ImageObject\",\"inLanguage\":\"fr-FR\",\"@id\":\"https:\\\/\\\/masc-34.fr\\\/#\\\/schema\\\/logo\\\/image\\\/\",\"url\":\"https:\\\/\\\/masc-34.fr\\\/wp-content\\\/uploads\\\/2022\\\/09\\\/Logo-MASC34-V5.png\",\"contentUrl\":\"https:\\\/\\\/masc-34.fr\\\/wp-content\\\/uploads\\\/2022\\\/09\\\/Logo-MASC34-V5.png\",\"width\":1922,\"height\":1974,\"caption\":\"Association MASC-34\"},\"image\":{\"@id\":\"https:\\\/\\\/masc-34.fr\\\/#\\\/schema\\\/logo\\\/image\\\/\"},\"sameAs\":[\"https:\\\/\\\/facebook.com\\\/MASC34\"]}]}<\/script>\n<!-- \/ Yoast SEO plugin. -->","yoast_head_json":{"title":"Projet de son &amp; lumi\u00e8re - MASC-34","robots":{"index":"index","follow":"follow","max-snippet":"max-snippet:-1","max-image-preview":"max-image-preview:large","max-video-preview":"max-video-preview:-1"},"canonical":"https:\/\/masc-34.fr\/?page_id=124","og_locale":"fr_FR","og_type":"article","og_title":"Projet de son &amp; lumi\u00e8re - MASC-34","og_description":"Projet Spectacle et M\u00e9moireFiers Mineurs des Monts d'Orb &nbsp;L'association MASC-34 est fi\u00e8re de vous pr\u00e9senter son grand projet de Spectacle et de M\u00e9moire : \"Fiers Mineurs des Monts d'Orb\".\u00a0 Ce spectacle, qui se d\u00e9roulera \u00e0 Graissessac, a pour vocation de rendre un hommage vibrant et respectueux aux mineurs et aux femmes de mineurs qui ont \u0153uvr\u00e9 dans le bassin minier de Graissessac, situ\u00e9 dans les hauts cantons h\u00e9raultais. \u00c0 travers une mise en sc\u00e8ne spectaculaire, nous c\u00e9l\u00e9brerons la m\u00e9moire et le courage de ces travailleurs acharn\u00e9s et de leurs familles, qui ont contribu\u00e9 de mani\u00e8re significative \u00e0 l'histoire et au d\u00e9veloppement de la r\u00e9gion. &nbsp; Une Mise en Sc\u00e8ne \u00c9poustouflante Le spectacle \"Fiers Mineurs des Monts d'Orb\" combinera des projections lumineuses saisissantes, des effets sonores immersifs et des performances th\u00e9\u00e2trales \u00e9mouvantes pour raconter l'histoire des mineurs de Graissessac. Gr\u00e2ce \u00e0 une direction artistique soign\u00e9e, le pass\u00e9 prendra vie sous vos yeux, vous plongeant au c\u0153ur de l'univers minier. &nbsp; Des Com\u00e9diens de Renom\u00a0 Nous avons l'honneur d'accueillir deux com\u00e9diens de renom pour ce projet exceptionnel : - Beno\u00eet Allemane : Chevalier des arts et des lettres et voix fran\u00e7aise de Morgan Freeman, sa participation apportera une profondeur et une gravit\u00e9 [&hellip;]","og_url":"https:\/\/masc-34.fr\/?page_id=124","og_site_name":"MASC-34","article_publisher":"https:\/\/facebook.com\/MASC34","article_modified_time":"2025-08-26T13:15:10+00:00","twitter_card":"summary_large_image","schema":{"@context":"https:\/\/schema.org","@graph":[{"@type":"WebPage","@id":"https:\/\/masc-34.fr\/?page_id=124","url":"https:\/\/masc-34.fr\/?page_id=124","name":"Projet de son &amp; lumi\u00e8re - MASC-34","isPartOf":{"@id":"https:\/\/masc-34.fr\/#website"},"datePublished":"2024-07-23T08:57:59+00:00","dateModified":"2025-08-26T13:15:10+00:00","breadcrumb":{"@id":"https:\/\/masc-34.fr\/?page_id=124#breadcrumb"},"inLanguage":"fr-FR","potentialAction":[{"@type":"ReadAction","target":["https:\/\/masc-34.fr\/?page_id=124"]}]},{"@type":"BreadcrumbList","@id":"https:\/\/masc-34.fr\/?page_id=124#breadcrumb","itemListElement":[{"@type":"ListItem","position":1,"name":"Accueil","item":"https:\/\/masc-34.fr\/"},{"@type":"ListItem","position":2,"name":"Projet de son &amp; lumi\u00e8re"}]},{"@type":"WebSite","@id":"https:\/\/masc-34.fr\/#website","url":"https:\/\/masc-34.fr\/","name":"MASC-34","description":"Musique Arts Spectacle Culture","publisher":{"@id":"https:\/\/masc-34.fr\/#organization"},"potentialAction":[{"@type":"SearchAction","target":{"@type":"EntryPoint","urlTemplate":"https:\/\/masc-34.fr\/?s={search_term_string}"},"query-input":{"@type":"PropertyValueSpecification","valueRequired":true,"valueName":"search_term_string"}}],"inLanguage":"fr-FR"},{"@type":"Organization","@id":"https:\/\/masc-34.fr\/#organization","name":"Association MASC-34","url":"https:\/\/masc-34.fr\/","logo":{"@type":"ImageObject","inLanguage":"fr-FR","@id":"https:\/\/masc-34.fr\/#\/schema\/logo\/image\/","url":"https:\/\/masc-34.fr\/wp-content\/uploads\/2022\/09\/Logo-MASC34-V5.png","contentUrl":"https:\/\/masc-34.fr\/wp-content\/uploads\/2022\/09\/Logo-MASC34-V5.png","width":1922,"height":1974,"caption":"Association MASC-34"},"image":{"@id":"https:\/\/masc-34.fr\/#\/schema\/logo\/image\/"},"sameAs":["https:\/\/facebook.com\/MASC34"]}]}},"_links":{"self":[{"href":"https:\/\/masc-34.fr\/index.php?rest_route=\/wp\/v2\/pages\/124","targetHints":{"allow":["GET"]}}],"collection":[{"href":"https:\/\/masc-34.fr\/index.php?rest_route=\/wp\/v2\/pages"}],"about":[{"href":"https:\/\/masc-34.fr\/index.php?rest_route=\/wp\/v2\/types\/page"}],"author":[{"embeddable":true,"href":"https:\/\/masc-34.fr\/index.php?rest_route=\/wp\/v2\/users\/1"}],"replies":[{"embeddable":true,"href":"https:\/\/masc-34.fr\/index.php?rest_route=%2Fwp%2Fv2%2Fcomments&post=124"}],"version-history":[{"count":6,"href":"https:\/\/masc-34.fr\/index.php?rest_route=\/wp\/v2\/pages\/124\/revisions"}],"predecessor-version":[{"id":72092,"href":"https:\/\/masc-34.fr\/index.php?rest_route=\/wp\/v2\/pages\/124\/revisions\/72092"}],"wp:attachment":[{"href":"https:\/\/masc-34.fr\/index.php?rest_route=%2Fwp%2Fv2%2Fmedia&parent=124"}],"curies":[{"name":"wp","href":"https:\/\/api.w.org\/{rel}","templated":true}]}}