{"id":71511,"date":"2024-07-28T17:55:45","date_gmt":"2024-07-28T15:55:45","guid":{"rendered":"https:\/\/masc-34.fr\/?page_id=71511"},"modified":"2024-09-05T17:24:34","modified_gmt":"2024-09-05T15:24:34","slug":"le-salon-des-arts-2024","status":"publish","type":"page","link":"https:\/\/masc-34.fr\/?page_id=71511","title":{"rendered":"Le Salon des Arts 2024"},"content":{"rendered":"<p>[et_pb_section fb_built=\u00a0\u00bb1&Prime; custom_padding_last_edited=\u00a0\u00bbon|tablet\u00a0\u00bb _builder_version=\u00a0\u00bb4.27.0&Prime; _module_preset=\u00a0\u00bbdefault\u00a0\u00bb background_color=\u00a0\u00bb#161515&Prime; background_image=\u00a0\u00bbhttps:\/\/masc-34.fr\/wp-content\/uploads\/2024\/07\/conference-5-try-5.png\u00a0\u00bb background_position=\u00a0\u00bbtop_right\u00a0\u00bb custom_margin=\u00a0\u00bb0px||0px||false|false\u00a0\u00bb custom_padding=\u00a0\u00bb||140px||false|false\u00a0\u00bb custom_padding_tablet=\u00a0\u00bb120px||120px||false|false\u00a0\u00bb custom_padding_phone=\u00a0\u00bb90px||90px||false|false\u00a0\u00bb global_colors_info=\u00a0\u00bb{}\u00a0\u00bb][et_pb_row _builder_version=\u00a0\u00bb4.27.0&Prime; _module_preset=\u00a0\u00bbdefault\u00a0\u00bb custom_margin=\u00a0\u00bb||||false|false\u00a0\u00bb custom_padding=\u00a0\u00bb95px||||false|false\u00a0\u00bb global_colors_info=\u00a0\u00bb{}\u00a0\u00bb][et_pb_column type=\u00a0\u00bb4_4&Prime; _builder_version=\u00a0\u00bb4.27.0&Prime; _module_preset=\u00a0\u00bbdefault\u00a0\u00bb global_colors_info=\u00a0\u00bb{}\u00a0\u00bb][et_pb_text _builder_version=\u00a0\u00bb4.27.0&Prime; _module_preset=\u00a0\u00bbdefault\u00a0\u00bb text_font=\u00a0\u00bb|||on|||||\u00a0\u00bb header_4_font=\u00a0\u00bbJost|||on|||||\u00a0\u00bb header_4_text_align=\u00a0\u00bbcenter\u00a0\u00bb header_4_text_color=\u00a0\u00bb#fcfcfc\u00a0\u00bb header_4_font_size=\u00a0\u00bb14px\u00a0\u00bb header_4_letter_spacing=\u00a0\u00bb1.8px\u00a0\u00bb header_4_line_height=\u00a0\u00bb1.2em\u00a0\u00bb custom_margin=\u00a0\u00bb0px||9px||false|false\u00a0\u00bb custom_padding=\u00a0\u00bb0px||0px||false|false\u00a0\u00bb global_colors_info=\u00a0\u00bb{}\u00a0\u00bb]<\/p>\n<h4>\u00e9v\u00e8nement \u00e0 Graissessac<\/h4>\n<p>[\/et_pb_text][et_pb_text _builder_version=\u00a0\u00bb4.27.0&Prime; _module_preset=\u00a0\u00bbdefault\u00a0\u00bb header_2_font=\u00a0\u00bbJost||||||||\u00a0\u00bb header_2_text_align=\u00a0\u00bbcenter\u00a0\u00bb header_2_text_color=\u00a0\u00bb#fcfcfc\u00a0\u00bb header_2_font_size=\u00a0\u00bb55px\u00a0\u00bb header_2_line_height=\u00a0\u00bb1.1em\u00a0\u00bb custom_margin=\u00a0\u00bb0px||0px||false|false\u00a0\u00bb custom_padding=\u00a0\u00bb0px||0px||false|false\u00a0\u00bb header_2_font_size_tablet=\u00a0\u00bb55px\u00a0\u00bb header_2_font_size_phone=\u00a0\u00bb32px\u00a0\u00bb header_2_font_size_last_edited=\u00a0\u00bbon|phone\u00a0\u00bb global_colors_info=\u00a0\u00bb{}\u00a0\u00bb]<\/p>\n<h2>Le Salon des Arts 2024<\/h2>\n<p>[\/et_pb_text][\/et_pb_column][\/et_pb_row][et_pb_row column_structure=\u00a0\u00bb1_4,3_4&Prime; _builder_version=\u00a0\u00bb4.27.0&Prime; _module_preset=\u00a0\u00bbdefault\u00a0\u00bb global_colors_info=\u00a0\u00bb{}\u00a0\u00bb][et_pb_column type=\u00a0\u00bb1_4&Prime; _builder_version=\u00a0\u00bb4.27.0&Prime; _module_preset=\u00a0\u00bbdefault\u00a0\u00bb global_colors_info=\u00a0\u00bb{}\u00a0\u00bb][et_pb_text _builder_version=\u00a0\u00bb4.27.0&Prime; _module_preset=\u00a0\u00bbdefault\u00a0\u00bb text_text_color=\u00a0\u00bb#FFFFFF\u00a0\u00bb global_colors_info=\u00a0\u00bb{}\u00a0\u00bb]<\/p>\n<p><strong>Du 13 au 15 septembre 2024<\/strong><strong><\/strong><\/p>\n<p><strong>\u00e0 Graissessac<\/strong><\/p>\n<p>&nbsp;<\/p>\n<p>[\/et_pb_text][et_pb_image src=\u00a0\u00bbhttps:\/\/masc-34.fr\/wp-content\/uploads\/2024\/07\/Salle_Jean_Moulin.jpg\u00a0\u00bb title_text=\u00a0\u00bbSalle_Jean_Moulin\u00a0\u00bb _builder_version=\u00a0\u00bb4.27.0&Prime; _module_preset=\u00a0\u00bbdefault\u00a0\u00bb global_colors_info=\u00a0\u00bb{}\u00a0\u00bb][\/et_pb_image][et_pb_image src=\u00a0\u00bbhttps:\/\/masc-34.fr\/wp-content\/uploads\/2024\/07\/IMG_6393.jpg\u00a0\u00bb title_text=\u00a0\u00bbIMG_6393&Prime; _builder_version=\u00a0\u00bb4.27.0&Prime; _module_preset=\u00a0\u00bbdefault\u00a0\u00bb global_colors_info=\u00a0\u00bb{}\u00a0\u00bb][\/et_pb_image][et_pb_image src=\u00a0\u00bbhttps:\/\/masc-34.fr\/wp-content\/uploads\/2024\/07\/Carole_Schoettel_Prix-du-public_2023.jpg\u00a0\u00bb title_text=\u00a0\u00bbCarole_Schoettel_Prix du public_2023&Prime; _builder_version=\u00a0\u00bb4.27.0&Prime; _module_preset=\u00a0\u00bbdefault\u00a0\u00bb global_colors_info=\u00a0\u00bb{}\u00a0\u00bb][\/et_pb_image][et_pb_image src=\u00a0\u00bbhttps:\/\/masc-34.fr\/wp-content\/uploads\/2024\/07\/Accueil_Salon_2023.jpg\u00a0\u00bb title_text=\u00a0\u00bbAccueil_Salon_2023&Prime; _builder_version=\u00a0\u00bb4.27.0&Prime; _module_preset=\u00a0\u00bbdefault\u00a0\u00bb global_colors_info=\u00a0\u00bb{}\u00a0\u00bb][\/et_pb_image][\/et_pb_column][et_pb_column type=\u00a0\u00bb3_4&Prime; _builder_version=\u00a0\u00bb4.27.0&Prime; _module_preset=\u00a0\u00bbdefault\u00a0\u00bb global_colors_info=\u00a0\u00bb{}\u00a0\u00bb][et_pb_text _builder_version=\u00a0\u00bb4.27.0&Prime; _module_preset=\u00a0\u00bbdefault\u00a0\u00bb text_text_color=\u00a0\u00bb#FFFFFF\u00a0\u00bb width=\u00a0\u00bb100%\u00a0\u00bb global_colors_info=\u00a0\u00bb{}\u00a0\u00bb]<\/p>\n<p><strong>Programme du Salon des Arts de Graissessac 2024<\/strong><\/p>\n<p>\u00a0<strong>Lieux principaux : Salle Jean Moulin et Salle du Peuple, Graissessac<\/strong><\/p>\n<p>&nbsp;<\/p>\n<p>Vendredi 13 septembre 2024<\/p>\n<p>Ouverture : 10 h 00 \u2013 18 h 00<\/p>\n<p>\u00a0 &#8211; Exposition de plus de 40 exposants (peintres, sculpteurs, photographes, ferronniers d&rsquo;art).<\/p>\n<p>\u00a0 &#8211; Ateliers d&rsquo;initiation et de d\u00e9monstration artistiques.<\/p>\n<p>\u00a0 &#8211; Atelier de cr\u00e9ation pour enfants.<\/p>\n<p>\u00a0&#8211; 14h00 au <strong>Grand Caf\u00e9 Mounis :<\/strong><\/p>\n<p>\u00a0 &#8211; Intervention de Patrick Mancini sur l&rsquo;importance du spectacle vivant et la carri\u00e8re de com\u00e9dien.<\/p>\n<p>\u00a0 &#8211; Session de questions-r\u00e9ponses avec les \u00e9l\u00e8ves.<\/p>\n<p>\u00a0&#8211; 19h00 Vernissage (sur invitation) :<\/p>\n<p>\u00a0 &#8211; En pr\u00e9sence de tous les exposants, la presse locale et nationale, les vedettes et Anne-Marie Martin, nouvelle marraine de MASC-34.<\/p>\n<p>\u00a0 &#8211; Pr\u00e9sence des \u00e9lus et partenaires de MASC-34.<\/p>\n<p>&nbsp;<\/p>\n<p>Services :<\/p>\n<p>&#8211; Restauration sur place (sandwichs, frites, cr\u00eapes, boissons).<\/p>\n<p>&#8211; Transport en cal\u00e8che entre les diff\u00e9rentes salles d&rsquo;exposition.<\/p>\n<p>&#8211; Interviews exclusives avec les invit\u00e9s de marque.<\/p>\n<p>&nbsp;<\/p>\n<p>Samedi 14 et dimanche 15 septembre 2024 :<\/p>\n<p>&#8211; Exposition de 10 h00 \u00e0 18 h 00<\/p>\n<p>&#8211; Dimanche \u00e0 17 h 00 Remise du prix du public pour l&rsquo;artiste pl\u00e9biscit\u00e9<\/p>\n<p>&nbsp;<\/p>\n<p>Informations compl\u00e9mentaires :<\/p>\n<p>&#8211; Programme sujet \u00e0 modifications. Consultez notre site web ou nos canaux de communication pour les mises \u00e0 jour.<\/p>\n<p>&#8211; Acc\u00e8s facile \u00e0 pied ou en cal\u00e8che, avec panneaux informatifs et guides pour faciliter votre visite.<\/p>\n<p>&nbsp;<\/p>\n<p>Rejoignez-nous nombreux pour c\u00e9l\u00e9brer la diversit\u00e9 artistique et la cr\u00e9ativit\u00e9 au Salon des Arts de Graissessac !<\/p>\n<p>[\/et_pb_text][\/et_pb_column][\/et_pb_row][\/et_pb_section]<\/p>\n","protected":false},"excerpt":{"rendered":"<p>\u00e9v\u00e8nement \u00e0 GraissessacLe Salon des Arts 2024Du 13 au 15 septembre 2024 \u00e0 Graissessac &nbsp;Programme du Salon des Arts de Graissessac 2024 \u00a0Lieux principaux : Salle Jean Moulin et Salle du Peuple, Graissessac &nbsp; Vendredi 13 septembre 2024 Ouverture : 10 h 00 \u2013 18 h 00 \u00a0 &#8211; Exposition de plus de 40 exposants (peintres, sculpteurs, photographes, ferronniers d&rsquo;art). \u00a0 &#8211; Ateliers d&rsquo;initiation et de d\u00e9monstration artistiques. \u00a0 &#8211; Atelier de cr\u00e9ation pour enfants. \u00a0&#8211; 14h00 au Grand Caf\u00e9 Mounis : \u00a0 &#8211; Intervention de Patrick Mancini sur l&rsquo;importance du spectacle vivant et la carri\u00e8re de com\u00e9dien. \u00a0 &#8211; Session de questions-r\u00e9ponses avec les \u00e9l\u00e8ves. \u00a0&#8211; 19h00 Vernissage (sur invitation) : \u00a0 &#8211; En pr\u00e9sence de tous les exposants, la presse locale et nationale, les vedettes et Anne-Marie Martin, nouvelle marraine de MASC-34. \u00a0 &#8211; Pr\u00e9sence des \u00e9lus et partenaires de MASC-34. &nbsp; Services : &#8211; Restauration sur place (sandwichs, frites, cr\u00eapes, boissons). &#8211; Transport en cal\u00e8che entre les diff\u00e9rentes salles d&rsquo;exposition. &#8211; Interviews exclusives avec les invit\u00e9s de marque. &nbsp; Samedi 14 et dimanche 15 septembre 2024 : &#8211; Exposition de 10 h00 \u00e0 18 h 00 &#8211; Dimanche \u00e0 17 h 00 Remise du prix du public [&hellip;]<\/p>\n","protected":false},"author":1,"featured_media":0,"parent":0,"menu_order":0,"comment_status":"closed","ping_status":"closed","template":"","meta":{"_et_pb_use_builder":"on","_et_pb_old_content":"","_et_gb_content_width":"","footnotes":""},"class_list":["post-71511","page","type-page","status-publish","hentry"],"yoast_head":"<!-- This site is optimized with the Yoast SEO plugin v27.5 - https:\/\/yoast.com\/product\/yoast-seo-wordpress\/ -->\n<title>Le Salon des Arts 2024 - MASC-34<\/title>\n<meta name=\"robots\" content=\"index, follow, max-snippet:-1, max-image-preview:large, max-video-preview:-1\" \/>\n<link rel=\"canonical\" href=\"https:\/\/masc-34.fr\/?page_id=71511\" \/>\n<meta property=\"og:locale\" content=\"fr_FR\" \/>\n<meta property=\"og:type\" content=\"article\" \/>\n<meta property=\"og:title\" content=\"Le Salon des Arts 2024 - MASC-34\" \/>\n<meta property=\"og:description\" content=\"\u00e9v\u00e8nement \u00e0 GraissessacLe Salon des Arts 2024Du 13 au 15 septembre 2024 \u00e0 Graissessac &nbsp;Programme du Salon des Arts de Graissessac 2024 \u00a0Lieux principaux : Salle Jean Moulin et Salle du Peuple, Graissessac &nbsp; Vendredi 13 septembre 2024 Ouverture : 10 h 00 \u2013 18 h 00 \u00a0 - Exposition de plus de 40 exposants (peintres, sculpteurs, photographes, ferronniers d&#039;art). \u00a0 - Ateliers d&#039;initiation et de d\u00e9monstration artistiques. \u00a0 - Atelier de cr\u00e9ation pour enfants. \u00a0- 14h00 au Grand Caf\u00e9 Mounis : \u00a0 - Intervention de Patrick Mancini sur l&#039;importance du spectacle vivant et la carri\u00e8re de com\u00e9dien. \u00a0 - Session de questions-r\u00e9ponses avec les \u00e9l\u00e8ves. \u00a0- 19h00 Vernissage (sur invitation) : \u00a0 - En pr\u00e9sence de tous les exposants, la presse locale et nationale, les vedettes et Anne-Marie Martin, nouvelle marraine de MASC-34. \u00a0 - Pr\u00e9sence des \u00e9lus et partenaires de MASC-34. &nbsp; Services : - Restauration sur place (sandwichs, frites, cr\u00eapes, boissons). - Transport en cal\u00e8che entre les diff\u00e9rentes salles d&#039;exposition. - Interviews exclusives avec les invit\u00e9s de marque. &nbsp; Samedi 14 et dimanche 15 septembre 2024 : - Exposition de 10 h00 \u00e0 18 h 00 - Dimanche \u00e0 17 h 00 Remise du prix du public [&hellip;]\" \/>\n<meta property=\"og:url\" content=\"https:\/\/masc-34.fr\/?page_id=71511\" \/>\n<meta property=\"og:site_name\" content=\"MASC-34\" \/>\n<meta property=\"article:publisher\" content=\"https:\/\/facebook.com\/MASC34\" \/>\n<meta property=\"article:modified_time\" content=\"2024-09-05T15:24:34+00:00\" \/>\n<meta name=\"twitter:card\" content=\"summary_large_image\" \/>\n<script type=\"application\/ld+json\" class=\"yoast-schema-graph\">{\"@context\":\"https:\\\/\\\/schema.org\",\"@graph\":[{\"@type\":\"WebPage\",\"@id\":\"https:\\\/\\\/masc-34.fr\\\/?page_id=71511\",\"url\":\"https:\\\/\\\/masc-34.fr\\\/?page_id=71511\",\"name\":\"Le Salon des Arts 2024 - MASC-34\",\"isPartOf\":{\"@id\":\"https:\\\/\\\/masc-34.fr\\\/#website\"},\"datePublished\":\"2024-07-28T15:55:45+00:00\",\"dateModified\":\"2024-09-05T15:24:34+00:00\",\"breadcrumb\":{\"@id\":\"https:\\\/\\\/masc-34.fr\\\/?page_id=71511#breadcrumb\"},\"inLanguage\":\"fr-FR\",\"potentialAction\":[{\"@type\":\"ReadAction\",\"target\":[\"https:\\\/\\\/masc-34.fr\\\/?page_id=71511\"]}]},{\"@type\":\"BreadcrumbList\",\"@id\":\"https:\\\/\\\/masc-34.fr\\\/?page_id=71511#breadcrumb\",\"itemListElement\":[{\"@type\":\"ListItem\",\"position\":1,\"name\":\"Accueil\",\"item\":\"https:\\\/\\\/masc-34.fr\\\/\"},{\"@type\":\"ListItem\",\"position\":2,\"name\":\"Le Salon des Arts 2024\"}]},{\"@type\":\"WebSite\",\"@id\":\"https:\\\/\\\/masc-34.fr\\\/#website\",\"url\":\"https:\\\/\\\/masc-34.fr\\\/\",\"name\":\"MASC-34\",\"description\":\"Musique Arts Spectacle Culture\",\"publisher\":{\"@id\":\"https:\\\/\\\/masc-34.fr\\\/#organization\"},\"potentialAction\":[{\"@type\":\"SearchAction\",\"target\":{\"@type\":\"EntryPoint\",\"urlTemplate\":\"https:\\\/\\\/masc-34.fr\\\/?s={search_term_string}\"},\"query-input\":{\"@type\":\"PropertyValueSpecification\",\"valueRequired\":true,\"valueName\":\"search_term_string\"}}],\"inLanguage\":\"fr-FR\"},{\"@type\":\"Organization\",\"@id\":\"https:\\\/\\\/masc-34.fr\\\/#organization\",\"name\":\"Association MASC-34\",\"url\":\"https:\\\/\\\/masc-34.fr\\\/\",\"logo\":{\"@type\":\"ImageObject\",\"inLanguage\":\"fr-FR\",\"@id\":\"https:\\\/\\\/masc-34.fr\\\/#\\\/schema\\\/logo\\\/image\\\/\",\"url\":\"https:\\\/\\\/masc-34.fr\\\/wp-content\\\/uploads\\\/2022\\\/09\\\/Logo-MASC34-V5.png\",\"contentUrl\":\"https:\\\/\\\/masc-34.fr\\\/wp-content\\\/uploads\\\/2022\\\/09\\\/Logo-MASC34-V5.png\",\"width\":1922,\"height\":1974,\"caption\":\"Association MASC-34\"},\"image\":{\"@id\":\"https:\\\/\\\/masc-34.fr\\\/#\\\/schema\\\/logo\\\/image\\\/\"},\"sameAs\":[\"https:\\\/\\\/facebook.com\\\/MASC34\"]}]}<\/script>\n<!-- \/ Yoast SEO plugin. -->","yoast_head_json":{"title":"Le Salon des Arts 2024 - MASC-34","robots":{"index":"index","follow":"follow","max-snippet":"max-snippet:-1","max-image-preview":"max-image-preview:large","max-video-preview":"max-video-preview:-1"},"canonical":"https:\/\/masc-34.fr\/?page_id=71511","og_locale":"fr_FR","og_type":"article","og_title":"Le Salon des Arts 2024 - MASC-34","og_description":"\u00e9v\u00e8nement \u00e0 GraissessacLe Salon des Arts 2024Du 13 au 15 septembre 2024 \u00e0 Graissessac &nbsp;Programme du Salon des Arts de Graissessac 2024 \u00a0Lieux principaux : Salle Jean Moulin et Salle du Peuple, Graissessac &nbsp; Vendredi 13 septembre 2024 Ouverture : 10 h 00 \u2013 18 h 00 \u00a0 - Exposition de plus de 40 exposants (peintres, sculpteurs, photographes, ferronniers d'art). \u00a0 - Ateliers d'initiation et de d\u00e9monstration artistiques. \u00a0 - Atelier de cr\u00e9ation pour enfants. \u00a0- 14h00 au Grand Caf\u00e9 Mounis : \u00a0 - Intervention de Patrick Mancini sur l'importance du spectacle vivant et la carri\u00e8re de com\u00e9dien. \u00a0 - Session de questions-r\u00e9ponses avec les \u00e9l\u00e8ves. \u00a0- 19h00 Vernissage (sur invitation) : \u00a0 - En pr\u00e9sence de tous les exposants, la presse locale et nationale, les vedettes et Anne-Marie Martin, nouvelle marraine de MASC-34. \u00a0 - Pr\u00e9sence des \u00e9lus et partenaires de MASC-34. &nbsp; Services : - Restauration sur place (sandwichs, frites, cr\u00eapes, boissons). - Transport en cal\u00e8che entre les diff\u00e9rentes salles d'exposition. - Interviews exclusives avec les invit\u00e9s de marque. &nbsp; Samedi 14 et dimanche 15 septembre 2024 : - Exposition de 10 h00 \u00e0 18 h 00 - Dimanche \u00e0 17 h 00 Remise du prix du public [&hellip;]","og_url":"https:\/\/masc-34.fr\/?page_id=71511","og_site_name":"MASC-34","article_publisher":"https:\/\/facebook.com\/MASC34","article_modified_time":"2024-09-05T15:24:34+00:00","twitter_card":"summary_large_image","schema":{"@context":"https:\/\/schema.org","@graph":[{"@type":"WebPage","@id":"https:\/\/masc-34.fr\/?page_id=71511","url":"https:\/\/masc-34.fr\/?page_id=71511","name":"Le Salon des Arts 2024 - MASC-34","isPartOf":{"@id":"https:\/\/masc-34.fr\/#website"},"datePublished":"2024-07-28T15:55:45+00:00","dateModified":"2024-09-05T15:24:34+00:00","breadcrumb":{"@id":"https:\/\/masc-34.fr\/?page_id=71511#breadcrumb"},"inLanguage":"fr-FR","potentialAction":[{"@type":"ReadAction","target":["https:\/\/masc-34.fr\/?page_id=71511"]}]},{"@type":"BreadcrumbList","@id":"https:\/\/masc-34.fr\/?page_id=71511#breadcrumb","itemListElement":[{"@type":"ListItem","position":1,"name":"Accueil","item":"https:\/\/masc-34.fr\/"},{"@type":"ListItem","position":2,"name":"Le Salon des Arts 2024"}]},{"@type":"WebSite","@id":"https:\/\/masc-34.fr\/#website","url":"https:\/\/masc-34.fr\/","name":"MASC-34","description":"Musique Arts Spectacle Culture","publisher":{"@id":"https:\/\/masc-34.fr\/#organization"},"potentialAction":[{"@type":"SearchAction","target":{"@type":"EntryPoint","urlTemplate":"https:\/\/masc-34.fr\/?s={search_term_string}"},"query-input":{"@type":"PropertyValueSpecification","valueRequired":true,"valueName":"search_term_string"}}],"inLanguage":"fr-FR"},{"@type":"Organization","@id":"https:\/\/masc-34.fr\/#organization","name":"Association MASC-34","url":"https:\/\/masc-34.fr\/","logo":{"@type":"ImageObject","inLanguage":"fr-FR","@id":"https:\/\/masc-34.fr\/#\/schema\/logo\/image\/","url":"https:\/\/masc-34.fr\/wp-content\/uploads\/2022\/09\/Logo-MASC34-V5.png","contentUrl":"https:\/\/masc-34.fr\/wp-content\/uploads\/2022\/09\/Logo-MASC34-V5.png","width":1922,"height":1974,"caption":"Association MASC-34"},"image":{"@id":"https:\/\/masc-34.fr\/#\/schema\/logo\/image\/"},"sameAs":["https:\/\/facebook.com\/MASC34"]}]}},"_links":{"self":[{"href":"https:\/\/masc-34.fr\/index.php?rest_route=\/wp\/v2\/pages\/71511","targetHints":{"allow":["GET"]}}],"collection":[{"href":"https:\/\/masc-34.fr\/index.php?rest_route=\/wp\/v2\/pages"}],"about":[{"href":"https:\/\/masc-34.fr\/index.php?rest_route=\/wp\/v2\/types\/page"}],"author":[{"embeddable":true,"href":"https:\/\/masc-34.fr\/index.php?rest_route=\/wp\/v2\/users\/1"}],"replies":[{"embeddable":true,"href":"https:\/\/masc-34.fr\/index.php?rest_route=%2Fwp%2Fv2%2Fcomments&post=71511"}],"version-history":[{"count":4,"href":"https:\/\/masc-34.fr\/index.php?rest_route=\/wp\/v2\/pages\/71511\/revisions"}],"predecessor-version":[{"id":71864,"href":"https:\/\/masc-34.fr\/index.php?rest_route=\/wp\/v2\/pages\/71511\/revisions\/71864"}],"wp:attachment":[{"href":"https:\/\/masc-34.fr\/index.php?rest_route=%2Fwp%2Fv2%2Fmedia&parent=71511"}],"curies":[{"name":"wp","href":"https:\/\/api.w.org\/{rel}","templated":true}]}}